{"id":269,"date":"2019-09-03T09:59:49","date_gmt":"2019-09-03T07:59:49","guid":{"rendered":"https:\/\/www.thomasbrioche.com\/?post_type=produit&#038;p=269"},"modified":"2026-01-26T14:17:29","modified_gmt":"2026-01-26T13:17:29","slug":"red-label-brioches","status":"publish","type":"produit","link":"https:\/\/www.thomasbrioche.com\/en\/produit\/gamme-boulangerie\/brioches\/brioches-label-rouge\/","title":{"rendered":"Label Rouge braided Brioche Vend\u00e9enne"},"content":{"rendered":"<h2 class=\"wp-block-heading has-text-align-center\" id=\"beurre-aop-charentes-poitou-oeufs-de-poules-elevees-en-plein-air\">Charentes-Poitou PDO butter &amp; free-range eggs<\/h2>\n\n\n\n<p class=\"has-text-align-center has-medium-font-size\">A culinary speciality of the Vend\u00e9e region, the <strong>Label Rouge* Brioche<\/strong> is kneaded with homemade sourdough, butter and free-range eggs, braided by hand and baked by our bakers in accordance with brioche-making traditions dating back to 1896. This <strong>Label Rouge Brioche Vend\u00e9enne<\/strong> with the IGP du terroir Vend\u00e9en label, guarantees a rigorous selection of raw materials and a production process that respects the know-how of the Vend\u00e9e bakers.<\/p>\n\n\n\n<div class=\"wp-block-columns has-2-columns is-layout-flex wp-container-core-columns-is-layout-9d6595d7 wp-block-columns-is-layout-flex\">\n<div class=\"wp-block-column is-layout-flow wp-block-column-is-layout-flow\"><div class=\"wp-block-image\">\n<figure class=\"aligncenter size-full\"><img loading=\"lazy\" decoding=\"async\" width=\"569\" height=\"494\" src=\"https:\/\/www.thomasbrioche.com\/wp-content\/uploads\/2019\/09\/BRIOCHE-VENDEENNES-LABEL-ROUGE-THOMAS-BRIOCHE-logos.png\" alt=\"\" class=\"wp-image-6629\" srcset=\"https:\/\/www.thomasbrioche.com\/wp-content\/uploads\/2019\/09\/BRIOCHE-VENDEENNES-LABEL-ROUGE-THOMAS-BRIOCHE-logos.png 569w, https:\/\/www.thomasbrioche.com\/wp-content\/uploads\/2019\/09\/BRIOCHE-VENDEENNES-LABEL-ROUGE-THOMAS-BRIOCHE-logos-300x260.png 300w, https:\/\/www.thomasbrioche.com\/wp-content\/uploads\/2019\/09\/BRIOCHE-VENDEENNES-LABEL-ROUGE-THOMAS-BRIOCHE-logos-14x12.png 14w\" sizes=\"auto, (max-width: 569px) 100vw, 569px\" \/><figcaption class=\"wp-element-caption\">Label Rouge Vend\u00e9e Brioches 400g and 600g<\/figcaption><\/figure>\n<\/div>\n\n\n<p>\n\n*The Label Rouge is a national label which designates products which, due to their production or manufacturing conditions, have a superior level of quality.<br>compared with other similar products usually on the market.<br>**Protected Designation of Origin \n\n<\/p>\n<\/div>\n\n\n\n<div class=\"wp-block-column is-layout-flow wp-block-column-is-layout-flow\"><div class=\"wp-block-image\">\n<figure class=\"aligncenter size-large is-resized\"><img loading=\"lazy\" decoding=\"async\" width=\"651\" height=\"1024\" src=\"https:\/\/www.thomasbrioche.com\/wp-content\/uploads\/2019\/09\/INGREDIENTS_BRIOCHES-VENDEENNES-LABEL-ROUGE-651x1024.png\" alt=\"\" class=\"wp-image-6626\" style=\"width:325px;height:512px\" srcset=\"https:\/\/www.thomasbrioche.com\/wp-content\/uploads\/2019\/09\/INGREDIENTS_BRIOCHES-VENDEENNES-LABEL-ROUGE-651x1024.png 651w, https:\/\/www.thomasbrioche.com\/wp-content\/uploads\/2019\/09\/INGREDIENTS_BRIOCHES-VENDEENNES-LABEL-ROUGE-191x300.png 191w, https:\/\/www.thomasbrioche.com\/wp-content\/uploads\/2019\/09\/INGREDIENTS_BRIOCHES-VENDEENNES-LABEL-ROUGE-768x1209.png 768w, https:\/\/www.thomasbrioche.com\/wp-content\/uploads\/2019\/09\/INGREDIENTS_BRIOCHES-VENDEENNES-LABEL-ROUGE-976x1536.png 976w, https:\/\/www.thomasbrioche.com\/wp-content\/uploads\/2019\/09\/INGREDIENTS_BRIOCHES-VENDEENNES-LABEL-ROUGE-8x12.png 8w, https:\/\/www.thomasbrioche.com\/wp-content\/uploads\/2019\/09\/INGREDIENTS_BRIOCHES-VENDEENNES-LABEL-ROUGE.png 1173w\" sizes=\"auto, (max-width: 651px) 100vw, 651px\" \/><\/figure>\n<\/div><\/div>\n<\/div>\n\n\n\n<div class=\"wp-block-columns is-layout-flex wp-container-core-columns-is-layout-9d6595d7 wp-block-columns-is-layout-flex\">\n<div class=\"wp-block-column is-layout-flow wp-block-column-is-layout-flow\">\n<div class=\"wp-block-buttons is-layout-flex wp-block-buttons-is-layout-flex\">\n<div class=\"wp-block-button is-style-fill\"><a class=\"wp-block-button__link has-white-color has-text-color has-background wp-element-button\" href=\"https:\/\/www.thomasbrioche.com\/en\/product\/bakery-range\/brioches\/braided-buns\/\" style=\"background-color:#761c31\">Discover the braided bakery brioche<\/a><\/div>\n<\/div>\n<\/div>\n\n\n\n<div class=\"wp-block-column is-layout-flow wp-block-column-is-layout-flow\">\n<div class=\"wp-block-buttons is-layout-flex wp-block-buttons-is-layout-flex\">\n<div class=\"wp-block-button is-style-outline is-style-outline--1\"><a class=\"wp-block-button__link has-text-color wp-element-button\" href=\"https:\/\/www.thomasbrioche.com\/en\/find-us\/\" style=\"color:#761c31\">Where can you find Label Rouge Brioche Vend\u00e9enne?<\/a><\/div>\n<\/div>\n<\/div>\n\n\n\n<div class=\"wp-block-column is-layout-flow wp-block-column-is-layout-flow\">\n<div class=\"wp-block-buttons is-layout-flex wp-block-buttons-is-layout-flex\">\n<div class=\"wp-block-button is-style-fill\"><a class=\"wp-block-button__link has-white-color has-text-color has-background wp-element-button\" href=\"https:\/\/www.thomasbrioche.com\/en\/product\/bakery-range\/\" style=\"background-color:#761c31\">Discover the bakery range<\/a><\/div>\n<\/div>\n<\/div>\n<\/div>","protected":false},"featured_media":304,"parent":105,"menu_order":0,"template":"","meta":{"footnotes":""},"class_list":["post-269","produit","type-produit","status-publish","has-post-thumbnail","hentry"],"yoast_head":"<!-- This site is optimized with the Yoast SEO plugin v27.5 - https:\/\/yoast.com\/product\/yoast-seo-wordpress\/ -->\n<title>Brioche Vend\u00e9enne tress\u00e9e Label Rouge - Thomas Brioche<\/title>\n<meta name=\"robots\" content=\"index, follow, max-snippet:-1, max-image-preview:large, max-video-preview:-1\" \/>\n<link rel=\"canonical\" href=\"https:\/\/www.thomasbrioche.com\/en\/product\/bakery-range\/brioches\/red-label-brioches\/\" \/>\n<meta property=\"og:locale\" content=\"en_GB\" \/>\n<meta property=\"og:type\" content=\"article\" \/>\n<meta property=\"og:title\" content=\"Brioche Vend\u00e9enne tress\u00e9e Label Rouge - Thomas Brioche\" \/>\n<meta property=\"og:description\" content=\"Beurre AOP Charentes-Poitou &amp; Oeufs de poules \u00e9lev\u00e9es en plein air Sp\u00e9cialit\u00e9 culinaire du terroir Vend\u00e9en, la Brioche Label Rouge* est p\u00e9trit avec du levain maison, du beurre, des \u0153ufs de poules \u00e9lev\u00e9es en plein air, tress\u00e9e \u00e0 la main et cuite par nos boulangers dans le respect des traditions brioch\u00e8res depuis 1896. Cette Brioche [&hellip;]\" \/>\n<meta property=\"og:url\" content=\"https:\/\/www.thomasbrioche.com\/en\/product\/bakery-range\/brioches\/red-label-brioches\/\" \/>\n<meta property=\"og:site_name\" content=\"Thomas Brioche\" \/>\n<meta property=\"article:modified_time\" content=\"2026-01-26T13:17:29+00:00\" \/>\n<meta property=\"og:image\" content=\"https:\/\/www.thomasbrioche.com\/wp-content\/uploads\/2019\/09\/LABEL-ROUGE-THOMAS-BRIOCHE.jpg\" \/>\n\t<meta property=\"og:image:width\" content=\"1200\" \/>\n\t<meta property=\"og:image:height\" content=\"712\" \/>\n\t<meta property=\"og:image:type\" content=\"image\/jpeg\" \/>\n<meta name=\"twitter:card\" content=\"summary_large_image\" \/>\n<meta name=\"twitter:label1\" content=\"Estimated reading time\" \/>\n\t<meta name=\"twitter:data1\" content=\"2 minutes\" \/>\n<script type=\"application\/ld+json\" class=\"yoast-schema-graph\">{\"@context\":\"https:\\\/\\\/schema.org\",\"@graph\":[{\"@type\":\"WebPage\",\"@id\":\"https:\\\/\\\/www.thomasbrioche.com\\\/produit\\\/gamme-boulangerie\\\/brioches\\\/brioches-label-rouge\\\/\",\"url\":\"https:\\\/\\\/www.thomasbrioche.com\\\/produit\\\/gamme-boulangerie\\\/brioches\\\/brioches-label-rouge\\\/\",\"name\":\"Brioche Vend\u00e9enne tress\u00e9e Label Rouge - Thomas Brioche\",\"isPartOf\":{\"@id\":\"https:\\\/\\\/www.thomasbrioche.com\\\/#website\"},\"primaryImageOfPage\":{\"@id\":\"https:\\\/\\\/www.thomasbrioche.com\\\/produit\\\/gamme-boulangerie\\\/brioches\\\/brioches-label-rouge\\\/#primaryimage\"},\"image\":{\"@id\":\"https:\\\/\\\/www.thomasbrioche.com\\\/produit\\\/gamme-boulangerie\\\/brioches\\\/brioches-label-rouge\\\/#primaryimage\"},\"thumbnailUrl\":\"https:\\\/\\\/www.thomasbrioche.com\\\/wp-content\\\/uploads\\\/2019\\\/09\\\/LABEL-ROUGE-THOMAS-BRIOCHE.jpg\",\"datePublished\":\"2019-09-03T07:59:49+00:00\",\"dateModified\":\"2026-01-26T13:17:29+00:00\",\"breadcrumb\":{\"@id\":\"https:\\\/\\\/www.thomasbrioche.com\\\/produit\\\/gamme-boulangerie\\\/brioches\\\/brioches-label-rouge\\\/#breadcrumb\"},\"inLanguage\":\"en-GB\",\"potentialAction\":[{\"@type\":\"ReadAction\",\"target\":[\"https:\\\/\\\/www.thomasbrioche.com\\\/produit\\\/gamme-boulangerie\\\/brioches\\\/brioches-label-rouge\\\/\"]}]},{\"@type\":\"ImageObject\",\"inLanguage\":\"en-GB\",\"@id\":\"https:\\\/\\\/www.thomasbrioche.com\\\/produit\\\/gamme-boulangerie\\\/brioches\\\/brioches-label-rouge\\\/#primaryimage\",\"url\":\"https:\\\/\\\/www.thomasbrioche.com\\\/wp-content\\\/uploads\\\/2019\\\/09\\\/LABEL-ROUGE-THOMAS-BRIOCHE.jpg\",\"contentUrl\":\"https:\\\/\\\/www.thomasbrioche.com\\\/wp-content\\\/uploads\\\/2019\\\/09\\\/LABEL-ROUGE-THOMAS-BRIOCHE.jpg\",\"width\":1200,\"height\":712},{\"@type\":\"BreadcrumbList\",\"@id\":\"https:\\\/\\\/www.thomasbrioche.com\\\/produit\\\/gamme-boulangerie\\\/brioches\\\/brioches-label-rouge\\\/#breadcrumb\",\"itemListElement\":[{\"@type\":\"ListItem\",\"position\":1,\"name\":\"Accueil\",\"item\":\"https:\\\/\\\/www.thomasbrioche.com\\\/\"},{\"@type\":\"ListItem\",\"position\":2,\"name\":\"Gamme Boulangerie\",\"item\":\"https:\\\/\\\/www.thomasbrioche.com\\\/produit\\\/gamme-boulangerie\\\/\"},{\"@type\":\"ListItem\",\"position\":3,\"name\":\"Les Brioches\",\"item\":\"https:\\\/\\\/www.thomasbrioche.com\\\/produit\\\/gamme-boulangerie\\\/brioches\\\/\"},{\"@type\":\"ListItem\",\"position\":4,\"name\":\"Brioche Vend\u00e9enne tress\u00e9e Label Rouge\"}]},{\"@type\":\"WebSite\",\"@id\":\"https:\\\/\\\/www.thomasbrioche.com\\\/#website\",\"url\":\"https:\\\/\\\/www.thomasbrioche.com\\\/\",\"name\":\"Thomas Brioche\",\"description\":\"Plus d&#039;un si\u00e8cle de tradition boulang\u00e8re\",\"potentialAction\":[{\"@type\":\"SearchAction\",\"target\":{\"@type\":\"EntryPoint\",\"urlTemplate\":\"https:\\\/\\\/www.thomasbrioche.com\\\/?s={search_term_string}\"},\"query-input\":{\"@type\":\"PropertyValueSpecification\",\"valueRequired\":true,\"valueName\":\"search_term_string\"}}],\"inLanguage\":\"en-GB\"}]}<\/script>\n<!-- \/ Yoast SEO plugin. -->","yoast_head_json":{"title":"Red Label Brioche Vend\u00e9enne - Thomas Brioche","robots":{"index":"index","follow":"follow","max-snippet":"max-snippet:-1","max-image-preview":"max-image-preview:large","max-video-preview":"max-video-preview:-1"},"canonical":"https:\/\/www.thomasbrioche.com\/en\/product\/bakery-range\/brioches\/red-label-brioches\/","og_locale":"en_GB","og_type":"article","og_title":"Brioche Vend\u00e9enne tress\u00e9e Label Rouge - Thomas Brioche","og_description":"Beurre AOP Charentes-Poitou &amp; Oeufs de poules \u00e9lev\u00e9es en plein air Sp\u00e9cialit\u00e9 culinaire du terroir Vend\u00e9en, la Brioche Label Rouge* est p\u00e9trit avec du levain maison, du beurre, des \u0153ufs de poules \u00e9lev\u00e9es en plein air, tress\u00e9e \u00e0 la main et cuite par nos boulangers dans le respect des traditions brioch\u00e8res depuis 1896. Cette Brioche [&hellip;]","og_url":"https:\/\/www.thomasbrioche.com\/en\/product\/bakery-range\/brioches\/red-label-brioches\/","og_site_name":"Thomas Brioche","article_modified_time":"2026-01-26T13:17:29+00:00","og_image":[{"width":1200,"height":712,"url":"https:\/\/www.thomasbrioche.com\/wp-content\/uploads\/2019\/09\/LABEL-ROUGE-THOMAS-BRIOCHE.jpg","type":"image\/jpeg"}],"twitter_card":"summary_large_image","twitter_misc":{"Estimated reading time":"2 minutes"},"schema":{"@context":"https:\/\/schema.org","@graph":[{"@type":"WebPage","@id":"https:\/\/www.thomasbrioche.com\/produit\/gamme-boulangerie\/brioches\/brioches-label-rouge\/","url":"https:\/\/www.thomasbrioche.com\/produit\/gamme-boulangerie\/brioches\/brioches-label-rouge\/","name":"Red Label Brioche Vend\u00e9enne - Thomas Brioche","isPartOf":{"@id":"https:\/\/www.thomasbrioche.com\/#website"},"primaryImageOfPage":{"@id":"https:\/\/www.thomasbrioche.com\/produit\/gamme-boulangerie\/brioches\/brioches-label-rouge\/#primaryimage"},"image":{"@id":"https:\/\/www.thomasbrioche.com\/produit\/gamme-boulangerie\/brioches\/brioches-label-rouge\/#primaryimage"},"thumbnailUrl":"https:\/\/www.thomasbrioche.com\/wp-content\/uploads\/2019\/09\/LABEL-ROUGE-THOMAS-BRIOCHE.jpg","datePublished":"2019-09-03T07:59:49+00:00","dateModified":"2026-01-26T13:17:29+00:00","breadcrumb":{"@id":"https:\/\/www.thomasbrioche.com\/produit\/gamme-boulangerie\/brioches\/brioches-label-rouge\/#breadcrumb"},"inLanguage":"en-GB","potentialAction":[{"@type":"ReadAction","target":["https:\/\/www.thomasbrioche.com\/produit\/gamme-boulangerie\/brioches\/brioches-label-rouge\/"]}]},{"@type":"ImageObject","inLanguage":"en-GB","@id":"https:\/\/www.thomasbrioche.com\/produit\/gamme-boulangerie\/brioches\/brioches-label-rouge\/#primaryimage","url":"https:\/\/www.thomasbrioche.com\/wp-content\/uploads\/2019\/09\/LABEL-ROUGE-THOMAS-BRIOCHE.jpg","contentUrl":"https:\/\/www.thomasbrioche.com\/wp-content\/uploads\/2019\/09\/LABEL-ROUGE-THOMAS-BRIOCHE.jpg","width":1200,"height":712},{"@type":"BreadcrumbList","@id":"https:\/\/www.thomasbrioche.com\/produit\/gamme-boulangerie\/brioches\/brioches-label-rouge\/#breadcrumb","itemListElement":[{"@type":"ListItem","position":1,"name":"Accueil","item":"https:\/\/www.thomasbrioche.com\/"},{"@type":"ListItem","position":2,"name":"Gamme Boulangerie","item":"https:\/\/www.thomasbrioche.com\/produit\/gamme-boulangerie\/"},{"@type":"ListItem","position":3,"name":"Les Brioches","item":"https:\/\/www.thomasbrioche.com\/produit\/gamme-boulangerie\/brioches\/"},{"@type":"ListItem","position":4,"name":"Brioche Vend\u00e9enne tress\u00e9e Label Rouge"}]},{"@type":"WebSite","@id":"https:\/\/www.thomasbrioche.com\/#website","url":"https:\/\/www.thomasbrioche.com\/","name":"Thomas Brioche","description":"Over a century of baking tradition","potentialAction":[{"@type":"SearchAction","target":{"@type":"EntryPoint","urlTemplate":"https:\/\/www.thomasbrioche.com\/?s={search_term_string}"},"query-input":{"@type":"PropertyValueSpecification","valueRequired":true,"valueName":"search_term_string"}}],"inLanguage":"en-GB"}]}},"_links":{"self":[{"href":"https:\/\/www.thomasbrioche.com\/en\/wp-json\/wp\/v2\/produit\/269","targetHints":{"allow":["GET"]}}],"collection":[{"href":"https:\/\/www.thomasbrioche.com\/en\/wp-json\/wp\/v2\/produit"}],"about":[{"href":"https:\/\/www.thomasbrioche.com\/en\/wp-json\/wp\/v2\/types\/produit"}],"version-history":[{"count":21,"href":"https:\/\/www.thomasbrioche.com\/en\/wp-json\/wp\/v2\/produit\/269\/revisions"}],"predecessor-version":[{"id":6630,"href":"https:\/\/www.thomasbrioche.com\/en\/wp-json\/wp\/v2\/produit\/269\/revisions\/6630"}],"up":[{"embeddable":true,"href":"https:\/\/www.thomasbrioche.com\/en\/wp-json\/wp\/v2\/produit\/105"}],"wp:featuredmedia":[{"embeddable":true,"href":"https:\/\/www.thomasbrioche.com\/en\/wp-json\/wp\/v2\/media\/304"}],"wp:attachment":[{"href":"https:\/\/www.thomasbrioche.com\/en\/wp-json\/wp\/v2\/media?parent=269"}],"curies":[{"name":"wp","href":"https:\/\/api.w.org\/{rel}","templated":true}]}}